{"id":5062,"date":"2021-08-03T20:22:57","date_gmt":"2021-08-03T17:22:57","guid":{"rendered":"https:\/\/www.ancpi.ro\/ocpi\/ab\/?page_id=5062"},"modified":"2025-05-06T14:30:03","modified_gmt":"2025-05-06T11:30:03","slug":"program-de-audiente","status":"publish","type":"page","link":"https:\/\/www.ancpi.ro\/ocpi\/ab\/program-de-audiente\/","title":{"rendered":"Program de Audien\u021be"},"content":{"rendered":"<p>&nbsp;<\/p>\n<p>&nbsp;<\/p>\n<p>&nbsp;<\/p>\n<table>\n<tbody>\n<tr>\n<th colspan=\"2\">PROGRAM DE AUDIEN\u0162E<\/th>\n<\/tr>\n<tr>\n<td>\n<h3>Cornelia \u0162\u0102RAN-BABA<\/h3>\n<h3>Director<\/h3>\n<\/td>\n<td>\n<h3>Joi<\/h3>\n<h3>10:00 &#8211; 12:00<\/h3>\n<\/td>\n<\/tr>\n<tr>\n<td>\n<h3>Elena-Cristina MOLDOVAN<\/h3>\n<h3>\u0218ef Serviciu Juridic, Resurse Umane,<\/h3>\n<h3>Secretariat \u0219i Peti\u021bii<\/h3>\n<\/td>\n<td>\n<h3>Joi<\/h3>\n<h3>10:00 &#8211; 12:00<\/h3>\n<\/td>\n<\/tr>\n<tr>\n<td>\n<h3><strong>Anca GHERMAN<\/strong><\/h3>\n<h3>\u015eef Serviciu Publicitate Imobiliar\u0103<\/h3>\n<\/td>\n<td>\n<h3>Marti<\/h3>\n<h3>10:00 &#8211; 12:00<\/h3>\n<\/td>\n<\/tr>\n<tr>\n<td>\n<h3>Cornel-Lucian DANCIU<\/h3>\n<h3>\u0218ef Serviciu Cadastru<\/h3>\n<\/td>\n<td>\n<h3>Joi<\/h3>\n<h3>10:00 &#8211; 12:00<\/h3>\n<\/td>\n<\/tr>\n<tr>\n<td>\n<h3>Andrei-\u0218tefan BABA<\/h3>\n<h3>\u015eef Serviciu Fond Funciar<\/h3>\n<\/td>\n<td>\n<h3>Joi<\/h3>\n<h3>10:00 &#8211; 12:00<\/h3>\n<\/td>\n<\/tr>\n<tr>\n<td>\n<h3>Flavius-Avram B\u0102L\u0102NEANU<\/h3>\n<h3>\u015eef Serviciu \u00cenregistrare Sistematic\u0103<\/h3>\n<\/td>\n<td>\n<h3>Joi<\/h3>\n<h3>10:00 &#8211; 12:00<\/h3>\n<\/td>\n<\/tr>\n<tr>\n<td>\n<h3>Gabriela Marc<\/h3>\n<h3>Registrator coordonator<\/h3>\n<h3>BCPI ALBA IULIA<\/h3>\n<\/td>\n<td>\n<h3>Miercuri<\/h3>\n<h3>10:00 &#8211; 12:00<\/h3>\n<\/td>\n<\/tr>\n<tr>\n<td>\n<h3>Mirela Simina FENESAN<\/h3>\n<h3>Registrator coordonator<\/h3>\n<h3>BCPI AIUD<\/h3>\n<\/td>\n<td>\n<h3>Miercuri<\/h3>\n<h3>10:00 &#8211; 12:00<\/h3>\n<\/td>\n<\/tr>\n<tr>\n<td>\n<h3>Emilia-Constan\u021ba OANCEA<\/h3>\n<h3>Registrator coordonator<\/h3>\n<h3>BCPI BLAJ<\/h3>\n<\/td>\n<td>\n<h3>Miercuri<\/h3>\n<h3>10:00 &#8211; 12:00<\/h3>\n<\/td>\n<\/tr>\n<tr>\n<td>\n<h3>Liliana SICOE<\/h3>\n<h3>Registrator coordonator<\/h3>\n<h3>BCPI C\u00c2MPENI<\/h3>\n<\/td>\n<td>\n<h3>Miercuri<\/h3>\n<h3>10:00-12:00<\/h3>\n<\/td>\n<\/tr>\n<tr>\n<td>\n<h3>Ioana Lucia BLAGA<\/h3>\n<h3>Registrator coordonator<\/h3>\n<h3>BCPI SEBE\u0218<\/h3>\n<\/td>\n<td>\n<h3>Miercuri<\/h3>\n<h3>10:00 &#8211; 12:00<\/h3>\n<\/td>\n<\/tr>\n<tr>\n<td><\/td>\n<td><\/td>\n<\/tr>\n<\/tbody>\n<\/table>\n<table>\n<tbody>\n<tr style=\"vertical-align: top;\">\n<td style=\"vertical-align: top;\"><a href=\"https:\/\/www.ancpi.ro\/ocpi\/ab\/wp-content\/uploads\/2021\/08\/PO-8.5.1-01-ab-audiente.pdf\" target=\"blank\" rel=\"noopener\"><img loading=\"lazy\" decoding=\"async\" class=\" wp-image-4990 alignnone\" src=\"https:\/\/www.ancpi.ro\/ocpi\/ab\/wp-content\/uploads\/2021\/07\/PDF-Download.png\" alt=\"\" width=\"34\" height=\"34\" \/><\/a><\/td>\n<td style=\"vertical-align: top;\"><a href=\"https:\/\/www.ancpi.ro\/ocpi\/ab\/wp-content\/uploads\/2021\/08\/PO-8.5.1-01-ab-audiente.pdf\" target=\"blank\" rel=\"noopener\">PO-8.5.1-01-ab-audiente<\/a><\/td>\n<td style=\"vertical-align: top;\"><a href=\"https:\/\/www.ancpi.ro\/ocpi\/ab\/wp-content\/uploads\/2024\/11\/ANEXA-1-cerere-audienta-2024.doc\" target=\"blank\" rel=\"noopener\"><img loading=\"lazy\" decoding=\"async\" class=\" wp-image-4990 alignnone\" src=\"https:\/\/www.ancpi.ro\/ocpi\/ab\/wp-content\/uploads\/2021\/07\/PDF-Download.png\" alt=\"\" width=\"34\" height=\"34\" \/><\/a><\/td>\n<td style=\"vertical-align: top;\"><a href=\"https:\/\/www.ancpi.ro\/ocpi\/ab\/wp-content\/uploads\/2024\/11\/ANEXA-1-cerere-audienta-2024.doc\" target=\"blank\" rel=\"noopener\">Anexa 1 Cerere audienta<\/a><\/td>\n<td style=\"vertical-align: top;\"><a href=\"https:\/\/www.ancpi.ro\/ocpi\/ab\/wp-content\/uploads\/2024\/11\/ANEXA-3-fisa-audienta-2024.doc\" target=\"blank\" rel=\"noopener\"><img loading=\"lazy\" decoding=\"async\" class=\" wp-image-4990 alignnone\" src=\"https:\/\/www.ancpi.ro\/ocpi\/ab\/wp-content\/uploads\/2021\/07\/PDF-Download.png\" alt=\"\" width=\"33\" height=\"33\" \/><\/a><\/td>\n<td style=\"vertical-align: top;\"><a href=\"https:\/\/www.ancpi.ro\/ocpi\/ab\/wp-content\/uploads\/2024\/11\/ANEXA-3-fisa-audienta-2024.doc\" target=\"blank\" rel=\"noopener\">Anexa 3 Fisa audienta<\/a><\/td>\n<\/tr>\n<\/tbody>\n<\/table>\n","protected":false},"excerpt":{"rendered":"<p>&nbsp; &nbsp; &nbsp; PROGRAM DE AUDIEN\u0162E Cornelia \u0162\u0102RAN-BABA Director Joi 10:00 &#8211; 12:00 Elena-Cristina MOLDOVAN \u0218ef Serviciu Juridic, Resurse Umane, Secretariat \u0219i Peti\u021bii Joi 10:00 &#8211; 12:00 Anca GHERMAN \u015eef Serviciu Publicitate Imobiliar\u0103 Marti 10:00 &#8211; 12:00 Cornel-Lucian DANCIU \u0218ef Serviciu Cadastru Joi 10:00 &#8211; 12:00 Andrei-\u0218tefan BABA \u015eef Serviciu Fond Funciar Joi 10:00 &#8211; [&hellip;]<\/p>\n","protected":false},"author":5,"featured_media":0,"parent":0,"menu_order":0,"comment_status":"closed","ping_status":"closed","template":"","meta":{"footnotes":""},"class_list":["post-5062","page","type-page","status-publish","hentry"],"_links":{"self":[{"href":"https:\/\/www.ancpi.ro\/ocpi\/ab\/wp-json\/wp\/v2\/pages\/5062","targetHints":{"allow":["GET"]}}],"collection":[{"href":"https:\/\/www.ancpi.ro\/ocpi\/ab\/wp-json\/wp\/v2\/pages"}],"about":[{"href":"https:\/\/www.ancpi.ro\/ocpi\/ab\/wp-json\/wp\/v2\/types\/page"}],"author":[{"embeddable":true,"href":"https:\/\/www.ancpi.ro\/ocpi\/ab\/wp-json\/wp\/v2\/users\/5"}],"replies":[{"embeddable":true,"href":"https:\/\/www.ancpi.ro\/ocpi\/ab\/wp-json\/wp\/v2\/comments?post=5062"}],"version-history":[{"count":6,"href":"https:\/\/www.ancpi.ro\/ocpi\/ab\/wp-json\/wp\/v2\/pages\/5062\/revisions"}],"predecessor-version":[{"id":6765,"href":"https:\/\/www.ancpi.ro\/ocpi\/ab\/wp-json\/wp\/v2\/pages\/5062\/revisions\/6765"}],"wp:attachment":[{"href":"https:\/\/www.ancpi.ro\/ocpi\/ab\/wp-json\/wp\/v2\/media?parent=5062"}],"curies":[{"name":"wp","href":"https:\/\/api.w.org\/{rel}","templated":true}]}}